{"id":6510,"date":"2019-06-08T08:59:52","date_gmt":"2019-06-08T06:59:52","guid":{"rendered":"https:\/\/www.salam-orient.at\/?page_id=6510"},"modified":"2024-10-16T11:29:09","modified_gmt":"2024-10-16T09:29:09","slug":"archiv-2018","status":"publish","type":"page","link":"https:\/\/www.salam-music.at\/en\/archiv\/archiv-2018\/","title":{"rendered":"2018"},"content":{"rendered":"<div class=\"wp-block-columns is-layout-flex wp-container-core-columns-is-layout-9d6595d7 wp-block-columns-is-layout-flex\">\n<div class=\"wp-block-column is-layout-flow wp-block-column-is-layout-flow\">\n<figure class=\"wp-block-image size-full\"><img loading=\"lazy\" decoding=\"async\" width=\"500\" height=\"500\" src=\"https:\/\/www.salam-music.at\/wp-content\/uploads\/Sonne2018.png\" alt=\"\" class=\"wp-image-6578\" srcset=\"https:\/\/www.salam-music.at\/wp-content\/uploads\/Sonne2018.png 500w, https:\/\/www.salam-music.at\/wp-content\/uploads\/Sonne2018-300x300.png 300w\" sizes=\"auto, (max-width: 500px) 100vw, 500px\" \/><\/figure>\n<\/div>\n\n\n\n<div class=\"wp-block-column is-layout-flow wp-block-column-is-layout-flow\">\n<figure class=\"wp-block-image size-full\"><img loading=\"lazy\" decoding=\"async\" width=\"620\" height=\"874\" src=\"https:\/\/www.salam-music.at\/wp-content\/uploads\/flyer2018.png\" alt=\"\" class=\"wp-image-6570\" srcset=\"https:\/\/www.salam-music.at\/wp-content\/uploads\/flyer2018.png 620w, https:\/\/www.salam-music.at\/wp-content\/uploads\/flyer2018-355x500.png 355w\" sizes=\"auto, (max-width: 620px) 100vw, 620px\" \/><\/figure>\n<\/div>\n\n\n\n<div class=\"wp-block-column is-layout-flow wp-block-column-is-layout-flow\">\n<figure class=\"wp-block-image size-large\"><img loading=\"lazy\" decoding=\"async\" width=\"724\" height=\"1024\" src=\"https:\/\/www.salam-music.at\/wp-content\/uploads\/Plakat2018-724x1024.png\" alt=\"\" class=\"wp-image-6571\" srcset=\"https:\/\/www.salam-music.at\/wp-content\/uploads\/Plakat2018-724x1024.png 724w, https:\/\/www.salam-music.at\/wp-content\/uploads\/Plakat2018-353x500.png 353w, https:\/\/www.salam-music.at\/wp-content\/uploads\/Plakat2018-768x1086.png 768w\" sizes=\"auto, (max-width: 724px) 100vw, 724px\" \/><\/figure>\n<\/div>\n<\/div>\n\n\n\n<h2 class=\"gb-headline gb-headline-e56180a2 gb-headline-text\"><a href=\"https:\/\/www.salam-music.at\/wp-content\/uploads\/SalamOrient_Programmheft-A6_WEBVERSION.pdf\" target=\"_blank\" rel=\"noreferrer noopener\">\u2192 PDF DOWNLOAD: PROGRAMMHEFT 2018<\/a><\/h2>\n\n\n\n<hr class=\"wp-block-separator has-alpha-channel-opacity\"\/>\n\n\n\n<h2 class=\"gb-headline gb-headline-51f67164 gb-headline-text\">FESTIVAL PROGRAMM 2018<\/h2>\n\n\n\n<figure class=\"wp-block-table\"><table><tbody><tr><td><img loading=\"lazy\" decoding=\"async\" src=\"https:\/\/www.salam-music.at\/wp-content\/uploads\/Yasmine-Hamdan_credit_Flavien-Prioreau_quer-300x300.jpg\" alt=\"\" width=\"300\" height=\"300\"\/><\/td><td>MO, 15.10. \u2013 20.00 Uhr<\/td><td><strong>YASMINE HAMDAN (Libanon)<\/strong><\/td><td><em>Flex<\/em><\/td><\/tr><tr><td><img loading=\"lazy\" decoding=\"async\" src=\"https:\/\/www.salam-music.at\/wp-content\/uploads\/EsRap_kl-300x300.jpg\" alt=\"\" width=\"300\" height=\"300\"\/><\/td><td>DI, 16.10. \u2013&nbsp;9.00 &amp; 11.00 Uhr<\/td><td><strong>RAP &amp; POETRY SLAM mit EsRap (T\u00fcrkei\/\u00d6sterreich)<\/strong><\/td><td><em>Brunnenpassage<\/em><\/td><\/tr><tr><td><img loading=\"lazy\" decoding=\"async\" src=\"https:\/\/www.salam-music.at\/wp-content\/uploads\/Masaa-credit_Christian-Debus_hoch-300x300.jpg\" alt=\"\" width=\"300\" height=\"300\"\/><\/td><td>DI, 16.10. \u2013 19.30 Uhr<\/td><td><strong>MASAA (Libanon\/Deutschland), \u00d6sterreich-Deb\u00fct<\/strong><\/td><td><em>Sargfabrik<\/em><\/td><\/tr><tr><td><img loading=\"lazy\" decoding=\"async\" src=\"https:\/\/www.salam-music.at\/wp-content\/uploads\/logo_shisha_karussell_2-300x300.jpg\" alt=\"\" width=\"300\" height=\"300\"\/><\/td><td>MI, 17.10.&nbsp;\u2013 18.00 Uhr<\/td><td><strong>SHISHA KARUSSELL<\/strong><\/td><td><em>Cafe Berfin<\/em><\/td><\/tr><tr><td><img loading=\"lazy\" decoding=\"async\" src=\"https:\/\/www.salam-music.at\/wp-content\/uploads\/Marwan-Abado-by-%C2%A9osaka--300x300.jpg\" alt=\"\" width=\"300\" height=\"300\"\/><\/td><td>DO, 18.10. \u2013&nbsp;9.00 &amp; 11.00 Uhr<\/td><td><strong>RHYTHMUSSTRASSE mit Marwan Abado (Pal\u00e4stina)<\/strong><\/td><td><em>Brunnenpassage<\/em><\/td><\/tr><tr><td><img loading=\"lazy\" decoding=\"async\" src=\"https:\/\/www.salam-music.at\/wp-content\/uploads\/Das-bunte-Kamel_quer_credit-Benjamin-Simsa-300x300.jpg\" alt=\"Das Bunte Kamel (Kinder-Musiktheater)\" width=\"300\" height=\"300\"\/><\/td><td>DO, 18.10. \u2013 17.00 Uhr<\/td><td><strong>DAS BUNTE KAMEL mit Marko Simsa &#8211; Buchpr\u00e4sentation (\u00d6sterreich\/Syrien\/Iran\/Pal\u00e4stina)<\/strong><\/td><td><em>Brunnenpassage<\/em><\/td><\/tr><tr><td><img loading=\"lazy\" decoding=\"async\" src=\"https:\/\/www.salam-music.at\/wp-content\/uploads\/SilentGehsteigdisco_HelmutProchart_2111_2048-300x300.jpg\" alt=\"\" width=\"300\" height=\"300\"\/><\/td><td>DO, 18.10. \u2013 19.00 Uhr<\/td><td><strong>Silent Gehsteigdisco: Global Break Beat\/Oriental Funk (Projekt: Oliver Hangl, Musik: Paul Lohberger)<\/strong><\/td><td><em>Fu\u00dfg\u00e4ngerzone Favoriten<\/em><\/td><\/tr><tr><td><img loading=\"lazy\" decoding=\"async\" src=\"https:\/\/www.salam-music.at\/wp-content\/uploads\/TootArd_credit_Alex-Anderfuhren_quer-300x300.jpg\" alt=\"\" width=\"300\" height=\"300\"\/><\/td><td>DO, 18.10. \u2013 19.30 Uhr<\/td><td><strong>TOOTARD (Golanh\u00f6hen), \u00d6sterreich-Deb\u00fct<\/strong><\/td><td><em>Sargfabrik<\/em><\/td><\/tr><tr><td><img loading=\"lazy\" decoding=\"async\" src=\"https:\/\/www.salam-music.at\/wp-content\/uploads\/Hamayun-friends_credit-Bert-Schifferdecker-300x300.jpg\" alt=\"\" width=\"300\" height=\"300\"\/><\/td><td>FR, 19.10. \u2013 19.00 Uhr<\/td><td><strong>HAMAYUN &amp; FRIENDS<\/strong><\/td><td><em>Brunnenpassage<\/em><\/td><\/tr><tr><td><img loading=\"lazy\" decoding=\"async\" src=\"https:\/\/www.salam-music.at\/wp-content\/uploads\/Marwan-Abado_Paul-Gulda_credit-Sylvia-Grossmann_quer-2-300x300.jpg\" alt=\"\" width=\"300\" height=\"300\"\/><\/td><td>FR, 19.10. \u2013 19.30 Uhr<\/td><td><strong>MARWAN ABADO &amp; PAUL GULDA feat. DERYA T\u00dcRKAN (Pal\u00e4stina\/\u00d6sterreich\/T\u00fcrkei)<\/strong><\/td><td><em>ORF RadioKulturhaus<\/em><\/td><\/tr><tr><td><img loading=\"lazy\" decoding=\"async\" src=\"https:\/\/www.salam-music.at\/wp-content\/uploads\/Lalala-Kinder-Konzert-300x300.png\" alt=\"\" width=\"300\" height=\"300\"\/><\/td><td>SA, 20.10. \u2013 15.00 Uhr<\/td><td><strong>Lalala Kinder Konzert &#8211; kurdische Kinderlieder<\/strong><\/td><td><em>Campus Aspern<\/em><\/td><\/tr><tr><td><img loading=\"lazy\" decoding=\"async\" src=\"https:\/\/www.salam-music.at\/wp-content\/uploads\/Yamma-Ensemble_credit_ronen-goldman_hoch-300x300.png\" alt=\"\" width=\"300\" height=\"300\"\/><\/td><td>SA, 20.10. \u2013 20.30 Uhr<\/td><td><strong>YAMMA ENSEMBLE (Israel)<\/strong><\/td><td><em>Porgy &amp; Bess<\/em><\/td><\/tr><tr><td><img loading=\"lazy\" decoding=\"async\" src=\"https:\/\/www.salam-music.at\/wp-content\/uploads\/DomMuseumWien_Kandl_credit-Lena-Deinhardstein-300x300.jpg\" alt=\"\" width=\"300\" height=\"300\"\/><\/td><td>SO, 21.10. \u2013 14.00 Uhr<\/td><td><strong>AUF DEN SPUREN GEHEIMNISVOLLER SCHRIFTEN<\/strong><\/td><td><em>Dom Museum Wien<\/em><\/td><\/tr><tr><td><img loading=\"lazy\" decoding=\"async\" src=\"https:\/\/www.salam-music.at\/wp-content\/uploads\/Nizamettin-Ari%C3%A7_credit-Ca-Vo_quer-300x300.jpg\" alt=\"\" width=\"300\" height=\"300\"\/><\/td><td>SO, 21.10. \u2013 19.30 Uhr<\/td><td><strong>KURDISCHER LIEDERBAND: DOPPELKONZERT<\/strong><br \/><strong>Nizamettin Ari\u00e7 Ensemble \/ Sak\u00eena Teyna feat. \u00c7igdem Aslan &amp; G\u00fclseven Medar<\/strong><\/td><td><em>Theater Akzent<\/em><\/td><\/tr><tr><td><img loading=\"lazy\" decoding=\"async\" src=\"https:\/\/www.salam-music.at\/wp-content\/uploads\/Feetbox_credit_Promotion-300x300.jpg\" alt=\"\" width=\"300\" height=\"300\"\/><\/td><td>MO, 22.10. \u2013 9.00 &amp; 11.00 Uhr<\/td><td><strong>FEETBOX mit Kaveri &amp; Philipp Sageder (Indien\/\u00d6sterreich)<\/strong><\/td><td><em>Brunnenpassage<\/em><\/td><\/tr><tr><td>&nbsp;<img loading=\"lazy\" decoding=\"async\" src=\"https:\/\/www.salam-music.at\/wp-content\/uploads\/Nauch-dem-Putsch_Cover-300x300.jpg\" alt=\"\" width=\"300\" height=\"300\"\/><\/td><td>MO, 22.10. \u2013 19.00 Uhr<\/td><td><strong>Buchpr\u00e4sentation: Nach dem Putsch. 16 Anmerkungen zur \u201eneuen\u201c T\u00fcrkei (VIDC)<\/strong><\/td><td><em>Hauptb\u00fccherei<\/em><\/td><\/tr><tr><td><img loading=\"lazy\" decoding=\"async\" src=\"https:\/\/www.salam-music.at\/wp-content\/uploads\/Gaye-Su-Akyol_credit-Aylin-G%C3%BCng%C3%B6r_quer-300x300.jpg\" alt=\"\" width=\"300\" height=\"300\"\/><\/td><td>MO, 22.10. \u2013 20.00 Uhr<\/td><td><strong>GAYE SU AKYOL (T\u00fcrkei), \u00d6sterreich-Deb\u00fct<\/strong><\/td><td><em>WUK<\/em><\/td><\/tr><tr><td><img loading=\"lazy\" decoding=\"async\" src=\"https:\/\/www.salam-music.at\/wp-content\/uploads\/Naghash-Ensemble_quer_Garegin-Aghabekyan-300x300.jpg\" alt=\"\" width=\"300\" height=\"300\"\/><\/td><td>DI, 23.10. \u2013 19.30 Uhr<\/td><td><strong>NAGHASH ENSEMBLE (Armenien), \u00d6sterreich-Deb\u00fct<\/strong><\/td><td><em>Theater Akzent<\/em><\/td><\/tr><\/tbody><\/table><\/figure>","protected":false},"excerpt":{"rendered":"","protected":false},"author":5,"featured_media":0,"parent":6266,"menu_order":0,"comment_status":"closed","ping_status":"closed","template":"","meta":{"footnotes":""},"class_list":{"0":"post-6510","1":"page","2":"type-page","3":"status-publish","5":"infinite-scroll-item","6":"no-featured-image-padding"},"yoast_head":"<!-- This site is optimized with the Yoast SEO plugin v27.3 - https:\/\/yoast.com\/product\/yoast-seo-wordpress\/ -->\n<title>2018 - Salam Music &amp; Arts Festival<\/title>\n<meta name=\"robots\" content=\"index, follow, max-snippet:-1, max-image-preview:large, max-video-preview:-1\" \/>\n<link rel=\"canonical\" href=\"https:\/\/www.salam-music.at\/en\/archiv\/archiv-2018\/\" \/>\n<meta property=\"og:locale\" content=\"en_GB\" \/>\n<meta property=\"og:type\" content=\"article\" \/>\n<meta property=\"og:title\" content=\"2018 - Salam Music &amp; Arts Festival\" \/>\n<meta property=\"og:url\" content=\"https:\/\/www.salam-music.at\/en\/archiv\/archiv-2018\/\" \/>\n<meta property=\"og:site_name\" content=\"Salam Music &amp; Arts Festival\" \/>\n<meta property=\"article:publisher\" content=\"https:\/\/www.facebook.com\/salam.music.festival\" \/>\n<meta property=\"article:modified_time\" content=\"2024-10-16T09:29:09+00:00\" \/>\n<meta property=\"og:image\" content=\"https:\/\/www.salam-music.at\/wp-content\/uploads\/Sonne2018.png\" \/>\n<meta name=\"twitter:card\" content=\"summary_large_image\" \/>\n<meta name=\"twitter:label1\" content=\"Estimated reading time\" \/>\n\t<meta name=\"twitter:data1\" content=\"6 minutes\" \/>\n<script type=\"application\/ld+json\" class=\"yoast-schema-graph\">{\"@context\":\"https:\\\/\\\/schema.org\",\"@graph\":[{\"@type\":\"WebPage\",\"@id\":\"https:\\\/\\\/www.salam-music.at\\\/archiv\\\/archiv-2018\\\/\",\"url\":\"https:\\\/\\\/www.salam-music.at\\\/archiv\\\/archiv-2018\\\/\",\"name\":\"2018 - Salam Music &amp; Arts Festival\",\"isPartOf\":{\"@id\":\"https:\\\/\\\/www.salam-music.at\\\/#website\"},\"primaryImageOfPage\":{\"@id\":\"https:\\\/\\\/www.salam-music.at\\\/archiv\\\/archiv-2018\\\/#primaryimage\"},\"image\":{\"@id\":\"https:\\\/\\\/www.salam-music.at\\\/archiv\\\/archiv-2018\\\/#primaryimage\"},\"thumbnailUrl\":\"https:\\\/\\\/www.salam-music.at\\\/wp-content\\\/uploads\\\/Sonne2018.png\",\"datePublished\":\"2019-06-08T06:59:52+00:00\",\"dateModified\":\"2024-10-16T09:29:09+00:00\",\"breadcrumb\":{\"@id\":\"https:\\\/\\\/www.salam-music.at\\\/archiv\\\/archiv-2018\\\/#breadcrumb\"},\"inLanguage\":\"en-GB\",\"potentialAction\":[{\"@type\":\"ReadAction\",\"target\":[\"https:\\\/\\\/www.salam-music.at\\\/archiv\\\/archiv-2018\\\/\"]}]},{\"@type\":\"ImageObject\",\"inLanguage\":\"en-GB\",\"@id\":\"https:\\\/\\\/www.salam-music.at\\\/archiv\\\/archiv-2018\\\/#primaryimage\",\"url\":\"https:\\\/\\\/www.salam-music.at\\\/wp-content\\\/uploads\\\/Sonne2018.png\",\"contentUrl\":\"https:\\\/\\\/www.salam-music.at\\\/wp-content\\\/uploads\\\/Sonne2018.png\"},{\"@type\":\"BreadcrumbList\",\"@id\":\"https:\\\/\\\/www.salam-music.at\\\/archiv\\\/archiv-2018\\\/#breadcrumb\",\"itemListElement\":[{\"@type\":\"ListItem\",\"position\":1,\"name\":\"Home\",\"item\":\"https:\\\/\\\/www.salam-music.at\\\/\"},{\"@type\":\"ListItem\",\"position\":2,\"name\":\"Archiv\",\"item\":\"https:\\\/\\\/www.salam-music.at\\\/archiv\\\/\"},{\"@type\":\"ListItem\",\"position\":3,\"name\":\"2018\"}]},{\"@type\":\"WebSite\",\"@id\":\"https:\\\/\\\/www.salam-music.at\\\/#website\",\"url\":\"https:\\\/\\\/www.salam-music.at\\\/\",\"name\":\"Salam Music\",\"description\":\"Music &amp; Arts Festival Vienna\",\"publisher\":{\"@id\":\"https:\\\/\\\/www.salam-music.at\\\/#organization\"},\"alternateName\":\"Salam Music\",\"potentialAction\":[{\"@type\":\"SearchAction\",\"target\":{\"@type\":\"EntryPoint\",\"urlTemplate\":\"https:\\\/\\\/www.salam-music.at\\\/?s={search_term_string}\"},\"query-input\":{\"@type\":\"PropertyValueSpecification\",\"valueRequired\":true,\"valueName\":\"search_term_string\"}}],\"inLanguage\":\"en-GB\"},{\"@type\":\"Organization\",\"@id\":\"https:\\\/\\\/www.salam-music.at\\\/#organization\",\"name\":\"Salam Music\",\"url\":\"https:\\\/\\\/www.salam-music.at\\\/\",\"logo\":{\"@type\":\"ImageObject\",\"inLanguage\":\"en-GB\",\"@id\":\"https:\\\/\\\/www.salam-music.at\\\/#\\\/schema\\\/logo\\\/image\\\/\",\"url\":\"https:\\\/\\\/www.salam-music.at\\\/wp-content\\\/uploads\\\/Salam-Music-Logo.png\",\"contentUrl\":\"https:\\\/\\\/www.salam-music.at\\\/wp-content\\\/uploads\\\/Salam-Music-Logo.png\",\"width\":470,\"height\":282,\"caption\":\"Salam Music\"},\"image\":{\"@id\":\"https:\\\/\\\/www.salam-music.at\\\/#\\\/schema\\\/logo\\\/image\\\/\"},\"sameAs\":[\"https:\\\/\\\/www.facebook.com\\\/salam.music.festival\",\"https:\\\/\\\/www.instagram.com\\\/salam.music.festival\\\/\",\"https:\\\/\\\/www.youtube.com\\\/channel\\\/UCtiCoBi01Ju0PtGp5o6n6hQ\"]}]}<\/script>\n<!-- \/ Yoast SEO plugin. -->","yoast_head_json":{"title":"2018 - Salam Music &amp; Arts Festival","robots":{"index":"index","follow":"follow","max-snippet":"max-snippet:-1","max-image-preview":"max-image-preview:large","max-video-preview":"max-video-preview:-1"},"canonical":"https:\/\/www.salam-music.at\/en\/archiv\/archiv-2018\/","og_locale":"en_GB","og_type":"article","og_title":"2018 - Salam Music &amp; Arts Festival","og_url":"https:\/\/www.salam-music.at\/en\/archiv\/archiv-2018\/","og_site_name":"Salam Music &amp; Arts Festival","article_publisher":"https:\/\/www.facebook.com\/salam.music.festival","article_modified_time":"2024-10-16T09:29:09+00:00","og_image":[{"url":"https:\/\/www.salam-music.at\/wp-content\/uploads\/Sonne2018.png","type":"","width":"","height":""}],"twitter_card":"summary_large_image","twitter_misc":{"Estimated reading time":"6 minutes"},"schema":{"@context":"https:\/\/schema.org","@graph":[{"@type":"WebPage","@id":"https:\/\/www.salam-music.at\/archiv\/archiv-2018\/","url":"https:\/\/www.salam-music.at\/archiv\/archiv-2018\/","name":"2018 - Salam Music &amp; Arts Festival","isPartOf":{"@id":"https:\/\/www.salam-music.at\/#website"},"primaryImageOfPage":{"@id":"https:\/\/www.salam-music.at\/archiv\/archiv-2018\/#primaryimage"},"image":{"@id":"https:\/\/www.salam-music.at\/archiv\/archiv-2018\/#primaryimage"},"thumbnailUrl":"https:\/\/www.salam-music.at\/wp-content\/uploads\/Sonne2018.png","datePublished":"2019-06-08T06:59:52+00:00","dateModified":"2024-10-16T09:29:09+00:00","breadcrumb":{"@id":"https:\/\/www.salam-music.at\/archiv\/archiv-2018\/#breadcrumb"},"inLanguage":"en-GB","potentialAction":[{"@type":"ReadAction","target":["https:\/\/www.salam-music.at\/archiv\/archiv-2018\/"]}]},{"@type":"ImageObject","inLanguage":"en-GB","@id":"https:\/\/www.salam-music.at\/archiv\/archiv-2018\/#primaryimage","url":"https:\/\/www.salam-music.at\/wp-content\/uploads\/Sonne2018.png","contentUrl":"https:\/\/www.salam-music.at\/wp-content\/uploads\/Sonne2018.png"},{"@type":"BreadcrumbList","@id":"https:\/\/www.salam-music.at\/archiv\/archiv-2018\/#breadcrumb","itemListElement":[{"@type":"ListItem","position":1,"name":"Home","item":"https:\/\/www.salam-music.at\/"},{"@type":"ListItem","position":2,"name":"Archiv","item":"https:\/\/www.salam-music.at\/archiv\/"},{"@type":"ListItem","position":3,"name":"2018"}]},{"@type":"WebSite","@id":"https:\/\/www.salam-music.at\/#website","url":"https:\/\/www.salam-music.at\/","name":"Salam Music","description":"Music &amp; Arts Festival Vienna","publisher":{"@id":"https:\/\/www.salam-music.at\/#organization"},"alternateName":"Salam Music","potentialAction":[{"@type":"SearchAction","target":{"@type":"EntryPoint","urlTemplate":"https:\/\/www.salam-music.at\/?s={search_term_string}"},"query-input":{"@type":"PropertyValueSpecification","valueRequired":true,"valueName":"search_term_string"}}],"inLanguage":"en-GB"},{"@type":"Organization","@id":"https:\/\/www.salam-music.at\/#organization","name":"Salam Music","url":"https:\/\/www.salam-music.at\/","logo":{"@type":"ImageObject","inLanguage":"en-GB","@id":"https:\/\/www.salam-music.at\/#\/schema\/logo\/image\/","url":"https:\/\/www.salam-music.at\/wp-content\/uploads\/Salam-Music-Logo.png","contentUrl":"https:\/\/www.salam-music.at\/wp-content\/uploads\/Salam-Music-Logo.png","width":470,"height":282,"caption":"Salam Music"},"image":{"@id":"https:\/\/www.salam-music.at\/#\/schema\/logo\/image\/"},"sameAs":["https:\/\/www.facebook.com\/salam.music.festival","https:\/\/www.instagram.com\/salam.music.festival\/","https:\/\/www.youtube.com\/channel\/UCtiCoBi01Ju0PtGp5o6n6hQ"]}]}},"_links":{"self":[{"href":"https:\/\/www.salam-music.at\/en\/wp-json\/wp\/v2\/pages\/6510","targetHints":{"allow":["GET"]}}],"collection":[{"href":"https:\/\/www.salam-music.at\/en\/wp-json\/wp\/v2\/pages"}],"about":[{"href":"https:\/\/www.salam-music.at\/en\/wp-json\/wp\/v2\/types\/page"}],"author":[{"embeddable":true,"href":"https:\/\/www.salam-music.at\/en\/wp-json\/wp\/v2\/users\/5"}],"replies":[{"embeddable":true,"href":"https:\/\/www.salam-music.at\/en\/wp-json\/wp\/v2\/comments?post=6510"}],"version-history":[{"count":93,"href":"https:\/\/www.salam-music.at\/en\/wp-json\/wp\/v2\/pages\/6510\/revisions"}],"predecessor-version":[{"id":16272,"href":"https:\/\/www.salam-music.at\/en\/wp-json\/wp\/v2\/pages\/6510\/revisions\/16272"}],"up":[{"embeddable":true,"href":"https:\/\/www.salam-music.at\/en\/wp-json\/wp\/v2\/pages\/6266"}],"wp:attachment":[{"href":"https:\/\/www.salam-music.at\/en\/wp-json\/wp\/v2\/media?parent=6510"}],"curies":[{"name":"wp","href":"https:\/\/api.w.org\/{rel}","templated":true}]}}